{"id":2057,"date":"2025-07-18T19:21:04","date_gmt":"2025-07-18T17:21:04","guid":{"rendered":"https:\/\/design.greenmotions-filmfestival.de\/wordpress\/?page_id=2057"},"modified":"2026-01-05T15:03:53","modified_gmt":"2026-01-05T14:03:53","slug":"festival","status":"publish","type":"page","link":"https:\/\/greenmotions-filmfestival.de\/de\/festival\/","title":{"rendered":"Festival"},"content":{"rendered":"\n<div style=\"height:70px\" aria-hidden=\"true\" class=\"wp-block-spacer small-mobile\"><\/div>\n\n\n\n<h1 class=\"wp-block-heading has-text-color has-link-color wp-elements-37cf4cfe7350f0d71d9fa217911471c3\" style=\"color:#009b58\">Unser Festival<\/h1>\n\n\n\n<h2 class=\"wp-block-heading\" style=\"margin-top:var(--wp--preset--spacing--70)\">Wir kommen bald wieder<\/h2>\n\n\n\n<p>Unser Festival findet j\u00e4hrlich in der zweiten Novemberwoche statt. W\u00e4hrend ihr auf das n\u00e4chste Festival wartet, findet ihr hier Recaps zu den Festivals der vergangenen Jahre sowie eine Liste unserer Preistr\u00e4ger:innen.<\/p>\n\n\n\n<div style=\"height:19px\" aria-hidden=\"true\" class=\"wp-block-spacer\"><\/div>\n\n\n\n<div class=\"wp-block-query is-layout-flow wp-block-query-is-layout-flow\"><ul class=\"columns-3 wp-block-post-template is-layout-grid wp-container-core-post-template-is-layout-10753265 wp-block-post-template-is-layout-grid\"><li class=\"wp-block-post post-4758 post type-post status-publish format-standard has-post-thumbnail hentry category-festival-rueckblick category-news tag-closing-the-loop-innerhalb-planetarer-grenzen-leben tag-dokumentarfilm tag-filmfestival tag-kurzfilm tag-publikumspreis tag-sonderthema tag-wer-wenn-nicht-du-de\">\n\n<div class=\"wp-block-group is-layout-flow wp-container-core-group-is-layout-14d7230d wp-block-group-is-layout-flow\" style=\"margin-top:var(--wp--preset--spacing--40)\"><figure style=\"aspect-ratio:3\/2;\" class=\"wp-block-post-featured-image\"><a href=\"https:\/\/greenmotions-filmfestival.de\/de\/2025\/11\/21\/festivalrueckblick-2025-schoen-dass-ihr-dabei-wart\/\" target=\"_self\"  ><img loading=\"lazy\" decoding=\"async\" width=\"1168\" height=\"657\" src=\"https:\/\/greenmotions-filmfestival.de\/wp-content\/uploads\/2025\/09\/1000093907-edited.jpg\" class=\"attachment-post-thumbnail size-post-thumbnail wp-post-image\" alt=\"Festivalr\u00fcckblick 2025 &#8211; sch\u00f6n, dass ihr dabei wart!\" style=\"width:100%;height:100%;object-fit:cover;\" srcset=\"https:\/\/greenmotions-filmfestival.de\/wp-content\/uploads\/2025\/09\/1000093907-edited.jpg 1168w, https:\/\/greenmotions-filmfestival.de\/wp-content\/uploads\/2025\/09\/1000093907-edited-300x169.jpg 300w, https:\/\/greenmotions-filmfestival.de\/wp-content\/uploads\/2025\/09\/1000093907-edited-1024x576.jpg 1024w, https:\/\/greenmotions-filmfestival.de\/wp-content\/uploads\/2025\/09\/1000093907-edited-768x432.jpg 768w\" sizes=\"auto, (max-width: 1168px) 100vw, 1168px\" \/><\/a><\/figure>\n\n<h3 style=\"padding-top:0;padding-bottom:0;margin-bottom:var(--wp--preset--spacing--20);margin-right:0;\" class=\"wp-block-post-title has-x-large-font-size\"><a href=\"https:\/\/greenmotions-filmfestival.de\/de\/2025\/11\/21\/festivalrueckblick-2025-schoen-dass-ihr-dabei-wart\/\" target=\"_self\" >Festivalr\u00fcckblick 2025 &#8211; sch\u00f6n, dass ihr dabei wart!<\/a><\/h3>\n\n<div style=\"padding-top:0;padding-bottom:0;margin-top:0;margin-bottom:0;\" class=\"has-link-color wp-elements-b6fa955c4b11b65ed2b90d8c98006b02 wp-block-post-excerpt has-medium-font-size\"><p class=\"wp-block-post-excerpt__excerpt\">Wie in (fast) jedem Jahr seit 2014 hat das Greenmotions Filmfestival vom 5. bis 9. November 2025 wieder seine T\u00fcren f\u00fcr Kino- und Nachhaltigkeitsbegeisterte im Kommunalen Kino im Alten Wiehrebahnhof ge\u00f6ffnet. Auch in diesem Jahr haben wir wieder ein Sonderthema&hellip; <a class=\"wp-block-post-excerpt__more-link\" href=\"https:\/\/greenmotions-filmfestival.de\/de\/2025\/11\/21\/festivalrueckblick-2025-schoen-dass-ihr-dabei-wart\/\">Weiterlesen<\/a><\/p><\/div><\/div>\n\n<\/li><li class=\"wp-block-post post-1 post type-post status-publish format-standard has-post-thumbnail hentry category-festival-rueckblick category-news\">\n\n<div class=\"wp-block-group is-layout-flow wp-container-core-group-is-layout-14d7230d wp-block-group-is-layout-flow\" style=\"margin-top:var(--wp--preset--spacing--40)\"><figure style=\"aspect-ratio:3\/2;\" class=\"wp-block-post-featured-image\"><a href=\"https:\/\/greenmotions-filmfestival.de\/de\/2025\/02\/09\/hallo-welt\/\" target=\"_self\"  ><img loading=\"lazy\" decoding=\"async\" width=\"2560\" height=\"1073\" src=\"https:\/\/greenmotions-filmfestival.de\/wp-content\/uploads\/2025\/04\/WWUTS_Still_41-scaled.jpg\" class=\"attachment-post-thumbnail size-post-thumbnail wp-post-image\" alt=\"Festivalr\u00fcckblick 2024\" style=\"width:100%;height:100%;object-fit:cover;\" srcset=\"https:\/\/greenmotions-filmfestival.de\/wp-content\/uploads\/2025\/04\/WWUTS_Still_41-scaled.jpg 2560w, https:\/\/greenmotions-filmfestival.de\/wp-content\/uploads\/2025\/04\/WWUTS_Still_41-300x126.jpg 300w, https:\/\/greenmotions-filmfestival.de\/wp-content\/uploads\/2025\/04\/WWUTS_Still_41-1024x429.jpg 1024w, https:\/\/greenmotions-filmfestival.de\/wp-content\/uploads\/2025\/04\/WWUTS_Still_41-768x322.jpg 768w, https:\/\/greenmotions-filmfestival.de\/wp-content\/uploads\/2025\/04\/WWUTS_Still_41-1536x644.jpg 1536w, https:\/\/greenmotions-filmfestival.de\/wp-content\/uploads\/2025\/04\/WWUTS_Still_41-2048x858.jpg 2048w\" sizes=\"auto, (max-width: 2560px) 100vw, 2560px\" \/><\/a><\/figure>\n\n<h3 style=\"padding-top:0;padding-bottom:0;margin-bottom:var(--wp--preset--spacing--20);margin-right:0;\" class=\"wp-block-post-title has-x-large-font-size\"><a href=\"https:\/\/greenmotions-filmfestival.de\/de\/2025\/02\/09\/hallo-welt\/\" target=\"_self\" >Festivalr\u00fcckblick 2024<\/a><\/h3>\n\n<div style=\"padding-top:0;padding-bottom:0;margin-top:0;margin-bottom:0;\" class=\"has-link-color wp-elements-b6fa955c4b11b65ed2b90d8c98006b02 wp-block-post-excerpt has-medium-font-size\"><p class=\"wp-block-post-excerpt__excerpt\">Die letztj\u00e4hrige Ausgabe war mit insgesamt etwa 1100 Besucher*innen im Kommunalen Kino und bei den Begleitveranstaltungen in den Tagen und Wochen vor dem Festival ein voller Erfolg! Wir sind noch immer ganz \u00fcberw\u00e4ltigt und begl\u00fcckt von dem regen Interesse, dem&hellip; <a class=\"wp-block-post-excerpt__more-link\" href=\"https:\/\/greenmotions-filmfestival.de\/de\/2025\/02\/09\/hallo-welt\/\">Weiterlesen<\/a><\/p><\/div><\/div>\n\n<\/li><li class=\"wp-block-post post-3292 post type-post status-publish format-standard has-post-thumbnail hentry category-festival-rueckblick category-news\">\n\n<div class=\"wp-block-group is-layout-flow wp-container-core-group-is-layout-14d7230d wp-block-group-is-layout-flow\" style=\"margin-top:var(--wp--preset--spacing--40)\"><figure style=\"aspect-ratio:3\/2;\" class=\"wp-block-post-featured-image\"><a href=\"https:\/\/greenmotions-filmfestival.de\/de\/2023\/10\/15\/festivalrueckblick-2023\/\" target=\"_self\"  ><img loading=\"lazy\" decoding=\"async\" width=\"2552\" height=\"1436\" src=\"https:\/\/greenmotions-filmfestival.de\/wp-content\/uploads\/2025\/08\/FINITE-still.jpg\" class=\"attachment-post-thumbnail size-post-thumbnail wp-post-image\" alt=\"Festivalr\u00fcckblick 2023\" style=\"width:100%;height:100%;object-fit:cover;\" srcset=\"https:\/\/greenmotions-filmfestival.de\/wp-content\/uploads\/2025\/08\/FINITE-still.jpg 2552w, https:\/\/greenmotions-filmfestival.de\/wp-content\/uploads\/2025\/08\/FINITE-still-300x169.jpg 300w, https:\/\/greenmotions-filmfestival.de\/wp-content\/uploads\/2025\/08\/FINITE-still-1024x576.jpg 1024w, https:\/\/greenmotions-filmfestival.de\/wp-content\/uploads\/2025\/08\/FINITE-still-768x432.jpg 768w, https:\/\/greenmotions-filmfestival.de\/wp-content\/uploads\/2025\/08\/FINITE-still-1536x864.jpg 1536w, https:\/\/greenmotions-filmfestival.de\/wp-content\/uploads\/2025\/08\/FINITE-still-2048x1152.jpg 2048w\" sizes=\"auto, (max-width: 2552px) 100vw, 2552px\" \/><\/a><\/figure>\n\n<h3 style=\"padding-top:0;padding-bottom:0;margin-bottom:var(--wp--preset--spacing--20);margin-right:0;\" class=\"wp-block-post-title has-x-large-font-size\"><a href=\"https:\/\/greenmotions-filmfestival.de\/de\/2023\/10\/15\/festivalrueckblick-2023\/\" target=\"_self\" >Festivalr\u00fcckblick 2023<\/a><\/h3>\n\n<div style=\"padding-top:0;padding-bottom:0;margin-top:0;margin-bottom:0;\" class=\"has-link-color wp-elements-b6fa955c4b11b65ed2b90d8c98006b02 wp-block-post-excerpt has-medium-font-size\"><p class=\"wp-block-post-excerpt__excerpt\">Vom 8. bis 12. November 2023 fand die neunte Ausgabe des Greenmotions Filmfestivals im Kommunalen Kino im Alten Wiehrebahnhof in Freiburg statt. Bei insgesamt gut 20 Vorf\u00fchrungen fanden nach 14 davon Diskussionen \u00e0 30 bis 60 Minuten statt. Neben vielen&hellip; <a class=\"wp-block-post-excerpt__more-link\" href=\"https:\/\/greenmotions-filmfestival.de\/de\/2023\/10\/15\/festivalrueckblick-2023\/\">Weiterlesen<\/a><\/p><\/div><\/div>\n\n<\/li><\/ul><\/div>\n\n\n\n<div style=\"height:100px\" aria-hidden=\"true\" class=\"wp-block-spacer medium-mobile\"><\/div>\n\n\n\n<h3 class=\"wp-block-heading alignwide has-syne-font-family\" style=\"text-transform:none\">Fr\u00fchere Festivalrecaps<\/h3>\n\n\n\n<div class=\"wp-block-query alignwide is-layout-flow wp-block-query-is-layout-flow\"><ul class=\"alignfull wp-block-post-template is-layout-flow wp-container-core-post-template-is-layout-3ee800f6 wp-block-post-template-is-layout-flow\"><li class=\"wp-block-post post-3304 post type-post status-publish format-standard has-post-thumbnail hentry category-festival-rueckblick category-news\">\n\n<div class=\"wp-block-group alignfull is-content-justification-space-between is-nowrap is-layout-flex wp-container-core-group-is-layout-154222c2 wp-block-group-is-layout-flex\" style=\"border-bottom-color:var(--wp--preset--color--accent-6);border-bottom-width:1px;padding-top:var(--wp--preset--spacing--30);padding-bottom:var(--wp--preset--spacing--30)\"><h3 class=\"wp-block-post-title has-large-font-size\"><a href=\"https:\/\/greenmotions-filmfestival.de\/de\/2022\/10\/15\/festivalrueckblick-2022\/\" target=\"_self\" >Festivalr\u00fcckblick 2022<\/a><\/h3>\n\n<div class=\"has-text-align-right wp-block-post-date\"><time datetime=\"2022-10-15T21:41:36+02:00\"><a href=\"https:\/\/greenmotions-filmfestival.de\/de\/2022\/10\/15\/festivalrueckblick-2022\/\">15. Oktober 2022<\/a><\/time><\/div><\/div>\n\n<\/li><\/ul><\/div>\n\n\n\n<div style=\"height:130px\" aria-hidden=\"true\" class=\"wp-block-spacer medium-mobile\"><\/div>\n\n\n\n<h2 class=\"wp-block-heading\">Unsere Preistr\u00e4ger:innen<\/h2>\n\n\n\n<div style=\"height:50px\" aria-hidden=\"true\" class=\"wp-block-spacer medium-mobile\"><\/div>\n\n\n\n<details class=\"wp-block-details alignwide has-syne-font-family has-x-large-font-size is-layout-flow wp-container-core-details-is-layout-10ec649b wp-block-details-is-layout-flow\" style=\"border-top-color:var(--wp--preset--color--contrast);border-bottom-color:var(--wp--preset--color--contrast);padding-top:var(--wp--preset--spacing--20);padding-bottom:var(--wp--preset--spacing--20)\" open><summary>Greenmotions 2025<\/summary>\n<p class=\"has-manrope-font-family has-large-font-size\" style=\"padding-top:var(--wp--preset--spacing--60);padding-bottom:0\"><strong>Publikumspreis<\/strong>: Wer wenn nicht du (Regie: Rosa-Lena Lange &amp; Charlotte Weinreich)<\/p>\n\n\n\n<p class=\"has-manrope-font-family has-large-font-size\" style=\"padding-top:var(--wp--preset--spacing--30);padding-bottom:0\"><strong>Sonderthema &#8222;Closing the Loop &#8211; Innerhalb planetarer Grenzen leben&#8220;<\/strong>: L&#8217;Arbre de l&#8217;Authenticit\u00e9 (Regie: Sammy Baloji)<\/p>\n\n\n\n<p class=\"has-manrope-font-family has-large-font-size\" style=\"padding-top:var(--wp--preset--spacing--30);padding-bottom:0\"><strong>Kurzfilmpreis<\/strong>: <a href=\"https:\/\/annfarley.com\/film\/the-man-who-mends-things\/\">Picus<\/a> (Regie: Fr\u00e9d\u00e9ric Doazan)<\/p>\n\n\n\n<p class=\"has-manrope-font-family has-large-font-size\" style=\"padding-top:var(--wp--preset--spacing--30);padding-bottom:var(--wp--preset--spacing--50)\"><strong>Kinderfilmpreis<\/strong>: Writing Home (Regie: Eva Matejovi\u010dov\u00e1)<\/p>\n<\/details>\n\n\n\n<details class=\"wp-block-details alignwide has-syne-font-family has-x-large-font-size is-layout-flow wp-container-core-details-is-layout-83d8ee12 wp-block-details-is-layout-flow\" style=\"border-bottom-color:var(--wp--preset--color--contrast);margin-top:0;margin-bottom:0;padding-top:var(--wp--preset--spacing--20);padding-right:0;padding-bottom:var(--wp--preset--spacing--20);padding-left:0\"><summary>Greenmotions 2024<\/summary>\n<p class=\"has-manrope-font-family has-large-font-size\" style=\"padding-top:var(--wp--preset--spacing--60);padding-bottom:0\"><strong>Publikumspreis<\/strong>: <a href=\"https:\/\/www.weareguardiansfilm.com\">We are Guardians<\/a><em> <\/em>(Regie: Chelsea Greene, Rob Grobman &amp; Edivan Guajajara) &amp; <a href=\"https:\/\/whereweusedtosleep.com\">Where We Used to Sleep<\/a> (Regie: Matth\u00e4us W\u00f6rle)<\/p>\n\n\n\n<p class=\"has-manrope-font-family has-large-font-size\" style=\"padding-top:var(--wp--preset--spacing--30);padding-bottom:0\"><strong>Sonderthema &#8222;United in Change? \u2013 Striving for a Just Transition&#8220;<\/strong>: <a href=\"https:\/\/cinemasouslesetoiles.org\/en\/film\/cobalt-rush-the-future-of-going-green_en\/\">Cobalt Rush<\/a> (Regie: Quentin Noirfalisse &amp; Arnaud Zajtman)<\/p>\n\n\n\n<p class=\"has-manrope-font-family has-large-font-size\" style=\"padding-top:var(--wp--preset--spacing--30);padding-bottom:0\"><strong>Kurzfilmpreis<\/strong>: <a href=\"https:\/\/annfarley.com\/film\/the-man-who-mends-things\/\">The Man Who Mends Things<\/a> (Regie: Ann Farcey)<\/p>\n\n\n\n<p class=\"has-manrope-font-family has-large-font-size\" style=\"padding-top:var(--wp--preset--spacing--30);padding-bottom:var(--wp--preset--spacing--50)\"><strong>Kinderfilmpreis<\/strong>: <a href=\"https:\/\/tuempel.ch\">T\u00fcmpel<\/a> (Regie: Lena von D\u00f6hren &amp; Eva Rust)<\/p>\n<\/details>\n\n\n\n<details class=\"wp-block-details alignwide has-syne-font-family has-x-large-font-size is-layout-flow wp-container-core-details-is-layout-83d8ee12 wp-block-details-is-layout-flow\" style=\"border-bottom-color:var(--wp--preset--color--contrast);margin-top:0;margin-bottom:0;padding-top:var(--wp--preset--spacing--20);padding-right:0;padding-bottom:var(--wp--preset--spacing--20);padding-left:0\"><summary>Greenmotions 2023<\/summary>\n<p class=\"has-manrope-font-family has-large-font-size\" style=\"padding-top:var(--wp--preset--spacing--60);padding-bottom:0\"><strong>Publikumspreis<\/strong>: <a href=\"https:\/\/www.fashionreimaginedfilm.com\">Fashion Reimagined<\/a><em> <\/em>(Regie: Becky Hutner) &amp; <a href=\"https:\/\/www.finite-film.com\">FINITE<\/a> (Regie: Rich Felgate)<\/p>\n\n\n\n<p class=\"has-manrope-font-family has-large-font-size\" style=\"padding-top:var(--wp--preset--spacing--30);padding-bottom:0\"><strong>Sonderthema &#8222;Climate Justice Solutions and Perspectives from the Global South&#8220;<\/strong>: <a href=\"https:\/\/www.youtube.com\/watch?v=Ob5ViCtkHl0\">Threatened Tapaj\u00f3s<\/a> (Regie: Thomaz Pedro)<\/p>\n\n\n\n<p class=\"has-manrope-font-family has-large-font-size\" style=\"padding-top:var(--wp--preset--spacing--30);padding-bottom:0\"><strong>Kurzfilmpreis<\/strong>: <a href=\"https:\/\/www.swissfilms.ch\/de\/movie\/the-invention-of-less\/c9fe0ddb405244d8adf59ee48cad34f8\">The Invention of Less<\/a> (Regie: Noah Erni)<\/p>\n\n\n\n<p class=\"has-manrope-font-family has-large-font-size\" style=\"padding-top:var(--wp--preset--spacing--30);padding-bottom:var(--wp--preset--spacing--50)\"><strong>Kinderfilmpreis<\/strong>: <a href=\"https:\/\/catalanfilms.cat\/es\/producciones\/que-le-pasa-al-cielo\">What\u2019s up with the sky?<\/a> (Regie: Irene Iborra)<\/p>\n<\/details>\n\n\n\n<details class=\"wp-block-details alignwide has-syne-font-family has-x-large-font-size is-layout-flow wp-container-core-details-is-layout-83d8ee12 wp-block-details-is-layout-flow\" style=\"border-bottom-color:var(--wp--preset--color--contrast);margin-top:0;margin-bottom:0;padding-top:var(--wp--preset--spacing--20);padding-right:0;padding-bottom:var(--wp--preset--spacing--20);padding-left:0\"><summary>Greenmotions 2022<\/summary>\n<p class=\"has-manrope-font-family has-large-font-size\" style=\"padding-top:var(--wp--preset--spacing--60);padding-bottom:0\"><strong>Publikumspreis<\/strong>: <a href=\"https:\/\/www.thestringbeanparty.com\/\">Die Stangenbohnenpartei<\/a> (Regie: Patty Schmidt)<\/p>\n\n\n\n<p class=\"has-manrope-font-family has-large-font-size\" style=\"padding-top:var(--wp--preset--spacing--30);padding-bottom:0\"><strong>Sonderthema &#8222;Frauen \u2013 Aktivismus \u2013 Umwelt&#8220;<\/strong>: <a href=\"https:\/\/www.antsandgrasshopper.org\/\">The Ants and the Grasshoper<\/a> (Regie: Raj Patel &amp; Zak Piper) &amp; <a href=\"https:\/\/mamairenedoc.com\/\">Mama Irene&nbsp; \u2013 Healer of the Andes<\/a> (Regie: Elisabeth M\u00f6hlmann &amp; Bettina Ehrhardt)<\/p>\n\n\n\n<p class=\"has-manrope-font-family has-large-font-size\" style=\"padding-top:var(--wp--preset--spacing--30);padding-bottom:var(--wp--preset--spacing--50)\"><strong>Kurzfilmpreis<\/strong>: <a href=\"https:\/\/www.sndfilms.com\/sad-beauty\/\">Sad Beauty<\/a> (Regie: Arjan Bentrjes) <br><strong>Special mention<\/strong>: <a href=\"https:\/\/vimeo.com\/788959046\">Das Kleinod<\/a> (Regie: Sarah Moll)<\/p>\n<\/details>\n\n\n\n<details class=\"wp-block-details alignwide has-syne-font-family has-x-large-font-size is-layout-flow wp-container-core-details-is-layout-83d8ee12 wp-block-details-is-layout-flow\" style=\"border-bottom-color:var(--wp--preset--color--contrast);margin-top:0;margin-bottom:0;padding-top:var(--wp--preset--spacing--20);padding-right:0;padding-bottom:var(--wp--preset--spacing--20);padding-left:0\"><summary>Greenmotions 2021<\/summary>\n<p class=\"has-manrope-font-family has-large-font-size\" style=\"padding-top:var(--wp--preset--spacing--60);padding-bottom:0\"><strong>Publikumspreis<\/strong>: <a href=\"https:\/\/butenland-film.de\/\">Butenland<\/a> (Regie: Marc Pierschel)<\/p>\n\n\n\n<p class=\"has-manrope-font-family has-large-font-size\" style=\"padding-top:var(--wp--preset--spacing--30);padding-bottom:0\"><strong>Sonderthema &#8222;Our Water&#8220;<\/strong>: <a href=\"https:\/\/www.studio-kalliope.de\/one-word\">One Word<\/a> (Regie: Viviana Uriona)<\/p>\n\n\n\n<p class=\"has-manrope-font-family has-large-font-size\" style=\"padding-top:var(--wp--preset--spacing--30);padding-bottom:var(--wp--preset--spacing--50)\"><strong>Kurzfilmpreis<\/strong>: <a href=\"https:\/\/www.youtube.com\/watch?v=lIb5LsI8rsI\">Gajah Borneo<\/a> (Regie: Shervin Hess)<\/p>\n<\/details>\n\n\n\n<details class=\"wp-block-details alignwide has-syne-font-family has-x-large-font-size is-layout-flow wp-container-core-details-is-layout-83d8ee12 wp-block-details-is-layout-flow\" style=\"border-bottom-color:var(--wp--preset--color--contrast);margin-top:0;margin-bottom:0;padding-top:var(--wp--preset--spacing--20);padding-right:0;padding-bottom:var(--wp--preset--spacing--20);padding-left:0\"><summary>Greenmotions 2019<\/summary>\n<p class=\"has-manrope-font-family has-large-font-size\" style=\"padding-top:var(--wp--preset--spacing--60);padding-bottom:0\"><strong>Publikumspreis<\/strong>: <a href=\"https:\/\/www.marco-polo-film.de\/filme\/produktion\/production\/ziemlich-wilde-rinder\/\">Ziemlich wilde Rinder<\/a> (Regie: Herbert Oswald)<\/p>\n\n\n\n<p class=\"has-manrope-font-family has-large-font-size\" style=\"padding-top:var(--wp--preset--spacing--30);padding-bottom:0\"><strong>Sonderthema &#8222;Degrowth or Green Growth&#8220;<\/strong>: <a href=\"https:\/\/www.mitiki.com\/image\/le-temps-la-terre-et-nous\/\">Die Zeit, die Erde und wir<\/a> (Regie: Annina Luginb\u00fchl &amp; Thibaut Ras)<\/p>\n\n\n\n<p class=\"has-manrope-font-family has-large-font-size\" style=\"padding-top:var(--wp--preset--spacing--30);padding-bottom:var(--wp--preset--spacing--50)\"><strong>Kurzfilmpreis<\/strong>: <a href=\"https:\/\/www.guillemmiro.es\/filmografia#h.b6k89n997pkw\">Peix al Forn<\/a> (Regie: Guillem Mir\u00f2)<\/p>\n<\/details>\n\n\n\n<details class=\"wp-block-details alignwide has-syne-font-family has-x-large-font-size is-layout-flow wp-container-core-details-is-layout-83d8ee12 wp-block-details-is-layout-flow\" style=\"border-bottom-color:var(--wp--preset--color--contrast);margin-top:0;margin-bottom:0;padding-top:var(--wp--preset--spacing--20);padding-right:0;padding-bottom:var(--wp--preset--spacing--20);padding-left:0\"><summary>Greenmotions 2018<\/summary>\n<p class=\"has-manrope-font-family has-large-font-size\" style=\"padding-top:var(--wp--preset--spacing--60);padding-bottom:0\"><strong>Publikumspreis &amp; Jurypreis f\u00fcr Langfilme<\/strong>: <a href=\"https:\/\/www.thereluctantradicalmovie.com\/\">The Reluctant Radical<\/a> (Regie: Lindsey Grayzel)<\/p>\n\n\n\n<p class=\"has-manrope-font-family has-large-font-size\" style=\"padding-top:var(--wp--preset--spacing--30);padding-bottom:0\"><strong>Sonderthema &#8222;Millenials in Motion&#8220;<\/strong>: <a href=\"https:\/\/candicequestions.com\/dont-frack-with-denton\/\">Don\u2019t frack with Denton<\/a> (Regie: Garrett Graham)<\/p>\n\n\n\n<p class=\"has-manrope-font-family has-large-font-size\" style=\"padding-top:var(--wp--preset--spacing--30);padding-bottom:var(--wp--preset--spacing--50)\"><strong>Kurzfilmpreis<\/strong>: <a href=\"https:\/\/www.facebook.com\/Elorigencorto\/about\/\">El Origen<\/a> (Regie: Jos\u00e9 A. Campos)<\/p>\n<\/details>\n\n\n\n<details class=\"wp-block-details alignwide has-syne-font-family has-x-large-font-size is-layout-flow wp-container-core-details-is-layout-83d8ee12 wp-block-details-is-layout-flow\" style=\"border-bottom-color:var(--wp--preset--color--contrast);margin-top:0;margin-bottom:0;padding-top:var(--wp--preset--spacing--20);padding-right:0;padding-bottom:var(--wp--preset--spacing--20);padding-left:0\"><summary>Greenmotions 2017<\/summary>\n<p class=\"has-manrope-font-family has-large-font-size\" style=\"padding-top:var(--wp--preset--spacing--60);padding-bottom:0\"><strong>Publikumspreis<\/strong>: <a href=\"https:\/\/www.filmsforaction.org\/watch\/what-are-we-waiting-for\/\">What are we waiting for?<\/a> (Regie: Marie-Monique Robin)<\/p>\n\n\n\n<p class=\"has-manrope-font-family has-large-font-size\" style=\"padding-top:var(--wp--preset--spacing--30)\"><strong>Langfilmpreis der Jury<\/strong>: <a href=\"https:\/\/chasingcoral.com\/\">Chasing Coral<\/a> (Regie: Jeff Orlowski)<\/p>\n\n\n\n<p class=\"has-manrope-font-family has-large-font-size\" style=\"padding-top:var(--wp--preset--spacing--30);padding-bottom:0\"><strong>Sonderthema &#8222;Nachhaltige Mobilit\u00e4t&#8220;<\/strong>: <a href=\"https:\/\/vimeo.com\/kesselrollen\">Kesselrollen &#8211; Wie rollt die Stadt von morgen?<\/a> (Regie: Roman H\u00f6gerle &amp; Felix L\u00e4nge)<\/p>\n\n\n\n<p class=\"has-manrope-font-family has-large-font-size\" style=\"padding-top:var(--wp--preset--spacing--30);padding-bottom:var(--wp--preset--spacing--50)\"><strong>Kurzfilmpreis<\/strong>: <a href=\"https:\/\/www.imdb.com\/title\/tt6868368\/\">Under the Canopy of Trees<\/a> (Regie: Ignat Kachan)<\/p>\n<\/details>\n\n\n\n<details class=\"wp-block-details alignwide has-syne-font-family has-x-large-font-size is-layout-flow wp-container-core-details-is-layout-83d8ee12 wp-block-details-is-layout-flow\" style=\"border-bottom-color:var(--wp--preset--color--contrast);margin-top:0;margin-bottom:0;padding-top:var(--wp--preset--spacing--20);padding-right:0;padding-bottom:var(--wp--preset--spacing--20);padding-left:0\"><summary>Greenmotions 2016<\/summary>\n<p class=\"has-manrope-font-family has-large-font-size\" style=\"padding-top:var(--wp--preset--spacing--60);padding-bottom:0\"><strong>Publikumspreis<\/strong>: <a href=\"https:\/\/klimamediathek.de\/katalog\/beyond-the-red-lines\/\">Beyond the Red Lines<\/a> (Regie: Luciano Ibarra, Lorenz Bachfischer, Laure Kervyn &amp; Sylvain Darou)<\/p>\n\n\n\n<p class=\"has-manrope-font-family has-large-font-size\" style=\"padding-top:var(--wp--preset--spacing--30);padding-bottom:0\"><strong>Sonderthema &#8222;Flucht vor dem Klimawandel&#8220;<\/strong>: <a href=\"https:\/\/josh-fox.ghost.io\/how-to-let-go\/\">How to Let Go of the World and Love All the Things Climate Can\u2019t Change<\/a> (Regie: Josh Fox)<\/p>\n\n\n\n<p class=\"has-manrope-font-family has-large-font-size\" style=\"padding-top:var(--wp--preset--spacing--30);padding-bottom:var(--wp--preset--spacing--50)\"><strong>Kurzfilmpreis<\/strong>: <a href=\"https:\/\/www.greenpeace.org\/aotearoa\/story\/video-story-of-spoon-epic-origin-story\/\">Story of a Spoon<\/a> (Regie: Sascha Kuntze)<\/p>\n<\/details>\n\n\n\n<details class=\"wp-block-details alignwide has-syne-font-family has-x-large-font-size is-layout-flow wp-container-core-details-is-layout-83d8ee12 wp-block-details-is-layout-flow\" style=\"border-bottom-color:var(--wp--preset--color--contrast);margin-top:0;margin-bottom:0;padding-top:var(--wp--preset--spacing--20);padding-right:0;padding-bottom:var(--wp--preset--spacing--20);padding-left:0\"><summary>Greenmotions 2015<\/summary>\n<p class=\"has-manrope-font-family has-large-font-size\" style=\"padding-top:var(--wp--preset--spacing--60);padding-bottom:0\"><strong>Publikumspreis<\/strong>: <a href=\"https:\/\/www.ardmediathek.de\/video\/unter-unserem-himmel\/das-achental-auf-dem-weg-in-eine-nachhaltige-zukunft\/br\/Y3JpZDovL2JyLmRlL2Jyb2FkY2FzdC9XT046MzMxOTgzNzkzODEzX0YyMDIxV08wMjI1OThBMDpjaGFubmVsXzI4MTA3\">Das Achental \u2013 Auf dem Weg in eine nachhaltige Zukunft<\/a> (Regie: Lorenz Knauer)<\/p>\n\n\n\n<p class=\"has-manrope-font-family has-large-font-size\" style=\"padding-top:var(--wp--preset--spacing--30);padding-bottom:var(--wp--preset--spacing--50)\"><strong>Kurzfilmpreis<\/strong>: <a href=\"https:\/\/marcelbarelli.com\/lucens\/\">Lucens<\/a> (Regie: Marcell Barelli)<\/p>\n<\/details>\n\n\n\n<details class=\"wp-block-details alignwide has-syne-font-family has-x-large-font-size is-layout-flow wp-container-core-details-is-layout-83d8ee12 wp-block-details-is-layout-flow\" style=\"border-bottom-color:var(--wp--preset--color--contrast);margin-top:0;margin-bottom:0;padding-top:var(--wp--preset--spacing--20);padding-right:0;padding-bottom:var(--wp--preset--spacing--20);padding-left:0\"><summary>Greenstorming 2014<\/summary>\n<p class=\"has-manrope-font-family has-large-font-size\" style=\"padding-top:var(--wp--preset--spacing--60);padding-bottom:var(--wp--preset--spacing--50)\"><strong>Kurzfilmpreis<\/strong>: <a href=\"https:\/\/www.dailymotion.com\/video\/x8i1tat\">The Windmill Farmer<\/a> (Regie: Joaqu\u00edn Baldwin) &amp; Up de Bank<strong> <\/strong>(Regie: Michael Greif)<\/p>\n<\/details>\n","protected":false},"excerpt":{"rendered":"<p>Unser Festival Wir kommen bald wieder Unser Festival findet j\u00e4hrlich in der zweiten Novemberwoche statt. W\u00e4hrend ihr auf das n\u00e4chste Festival wartet, findet ihr hier Recaps zu den Festivals der vergangenen Jahre sowie eine Liste unserer Preistr\u00e4ger:innen. Fr\u00fchere Festivalrecaps Unsere Preistr\u00e4ger:innen<\/p>\n","protected":false},"author":1,"featured_media":0,"parent":0,"menu_order":0,"comment_status":"closed","ping_status":"closed","template":"","meta":{"footnotes":""},"class_list":["post-2057","page","type-page","status-publish","hentry"],"_links":{"self":[{"href":"https:\/\/greenmotions-filmfestival.de\/de\/wp-json\/wp\/v2\/pages\/2057","targetHints":{"allow":["GET"]}}],"collection":[{"href":"https:\/\/greenmotions-filmfestival.de\/de\/wp-json\/wp\/v2\/pages"}],"about":[{"href":"https:\/\/greenmotions-filmfestival.de\/de\/wp-json\/wp\/v2\/types\/page"}],"author":[{"embeddable":true,"href":"https:\/\/greenmotions-filmfestival.de\/de\/wp-json\/wp\/v2\/users\/1"}],"replies":[{"embeddable":true,"href":"https:\/\/greenmotions-filmfestival.de\/de\/wp-json\/wp\/v2\/comments?post=2057"}],"version-history":[{"count":65,"href":"https:\/\/greenmotions-filmfestival.de\/de\/wp-json\/wp\/v2\/pages\/2057\/revisions"}],"predecessor-version":[{"id":4855,"href":"https:\/\/greenmotions-filmfestival.de\/de\/wp-json\/wp\/v2\/pages\/2057\/revisions\/4855"}],"wp:attachment":[{"href":"https:\/\/greenmotions-filmfestival.de\/de\/wp-json\/wp\/v2\/media?parent=2057"}],"curies":[{"name":"wp","href":"https:\/\/api.w.org\/{rel}","templated":true}]}}